{"id":1700,"date":"2017-10-09T11:23:59","date_gmt":"2017-10-09T15:23:59","guid":{"rendered":"https:\/\/groupebcl.ca\/?page_id=1700"},"modified":"2017-10-09T11:51:49","modified_gmt":"2017-10-09T15:51:49","slug":"team","status":"publish","type":"page","link":"https:\/\/groupebcl.ca\/en\/team\/","title":{"rendered":"Team"},"content":{"rendered":"<p><div class=\"fusion-fullwidth fullwidth-box fusion-builder-row-1 mass-responsive-section nonhundred-percent-fullwidth non-hundred-percent-height-scrolling\" style=\"background-color: rgba(255,255,255,0);background-position: left top;background-repeat: no-repeat;padding-top:40px;padding-right:0px;padding-bottom:0px;padding-left:0px;margin-bottom: 0px;margin-top: 0px;border-width: 0px 0px 0px 0px;border-color:#eae9e9;border-style:solid;\" id=\"section1\" ><div class=\"fusion-builder-row fusion-row\"><div class=\"fusion-layout-column fusion_builder_column fusion-builder-column-0 fusion_builder_column_1_1 1_1 fusion-one-full fusion-column-first fusion-column-last fusion-animated\" style=\"margin-top:0px;margin-bottom:0px;\" data-animationType=\"slideInLeft\" data-animationDuration=\"1.0\" data-animationOffset=\"top-into-view\"><div class=\"fusion-column-wrapper fusion-flex-column-wrapper-legacy\" style=\"background-position:left top;background-repeat:no-repeat;-webkit-background-size:cover;-moz-background-size:cover;-o-background-size:cover;background-size:cover;padding: 0px 0px 0px 0px;\"><div class=\"fusion-text fusion-text-1\"><h2 style=\"text-align: left;\">Team<\/h2>\n<\/div><div class=\"fusion-sep-clear\"><\/div><div class=\"fusion-separator fusion-clearfix\" style=\"float:left;margin-top:0px;margin-bottom:10px;width:100%;max-width:16%;\"><div class=\"fusion-separator-border sep-single sep-solid\" style=\"border-color:#d51024;border-top-width:2px;\"><\/div><\/div><div class=\"fusion-sep-clear\"><\/div><div class=\"fusion-clearfix\"><\/div><\/div><\/div><\/div><\/div><div class=\"fusion-fullwidth fullwidth-box fusion-builder-row-2 mass-responsive-section nonhundred-percent-fullwidth non-hundred-percent-height-scrolling\" style=\"background-color: rgba(255,255,255,0);background-position: left top;background-repeat: no-repeat;padding-top:0px;padding-right:0px;padding-bottom:30px;padding-left:0px;margin-bottom: 0px;margin-top: 0px;border-width: 0px 0px 0px 0px;border-color:#eae9e9;border-style:solid;\" id=\"section1\" ><div class=\"fusion-builder-row fusion-row\"><div class=\"fusion-layout-column fusion_builder_column fusion-builder-column-1 fusion_builder_column_1_1 1_1 fusion-one-full fusion-column-first fusion-column-last fusion-animated\" style=\"margin-top:0px;margin-bottom:0px;\" data-animationType=\"fadeInDown\" data-animationDuration=\"1.0\" data-animationOffset=\"top-into-view\"><div class=\"fusion-column-wrapper fusion-flex-column-wrapper-legacy\" style=\"background-position:left top;background-repeat:no-repeat;-webkit-background-size:cover;-moz-background-size:cover;-o-background-size:cover;background-size:cover;padding: 0px 0px 0px 0px;\"><div class=\"fusion-text fusion-text-2\"><h3><span style=\"font-size: 25px;\">Benoit Lemieux, President and Chief Operating Officer<\/span><\/h3>\n<\/div><div class=\"fusion-text fusion-text-3\"><h3><div class=\"awb-image-frame awb-image-frame-1 imageframe-liftup fusion-imageframe-liftup-right\"><span class=\" fusion-imageframe imageframe-dropshadow imageframe-1 fusion-animated\" style=\"-webkit-box-shadow: 3px 3px 7px rgba(51,51,51,0.3);box-shadow: 3px 3px 7px rgba(51,51,51,0.3);\" data-animationType=\"fadeInTop\" data-animationDuration=\"1.0\" data-animationOffset=\"top-into-view\"><img decoding=\"async\" width=\"449\" height=\"465\" title=\"Benoit_Lemieux2\" src=\"https:\/\/groupebcl.ca\/wp-content\/uploads\/2017\/09\/Photo-Benoit-e1506104761329.jpg\" alt class=\"img-responsive wp-image-1706\"\/><\/span><\/div><\/h3>\n<p>Benoit Lemieux, Chairman and Shareholder of BCL Group. He began his career with the family business LSR Group, a major real estate developer in both Canada and the United States in 1989, before he even finished his studies.<\/p>\n<h3>The journey of a true builder<\/h3>\n<p>In 1991, he was actively involved in the establishment of the company in the United States. In 1993, he became Executive Vice President of the US division: LSR Management. Although it is mainly dedicated to American operations, it is fully involved in the management of Canadian operations, which at the time included more than 1500 rental units and several Real Estate Development projects.<\/p>\n<p>In 2000, he was appointed Executive Chairman of LSR Management as well as a new Canadian division managing office buildings: LSR Immobilier Inc. In 2004, under its governance, the company acquired a set of vacant land valued at over $ 10 million in an area of choice in Houston. In 2009, Mr. Lemieux was appointed Executive Chairman of LSR D\u00e9veloppement, a position he still holds today.<\/p>\n<p>In 2015, following the death of his father a few years earlier, Benoit reorganized the family business and he bought the majority of the company&#8217;s real estate assets. The same year he started with a longtime partner, a real estate development company in Houston, Texas, Surge Homes Development LLC. This company designs, manages and builds high-quality residential units in Houston, USA.<\/p>\n<h3>A very socially involved entrepreneur<\/h3>\n<p>Mr. Beno\u00eet Lemieux is also socially involved. He was named Entrepreneur of the Year in 2007 by the organization <em>The Young Presidents Association<\/em> (YPO), an organization of which he has been a member for several years. He also regularly participates in fundraising activities for various organizations including the annual golf tournament for the benefit of the Charles Lemoyne Hospital Foundation, of which he is also the President.<\/p>\n<h3>Important rewards<\/h3>\n<p>Through its businesses, he has also received various awards, including:<\/p>\n<ul>\n<li>2017: The prestigious William S. Marvin Award Awarded by <em>Builder Magazine<\/em> for an outstanding contribution to residential design and design excellence<\/li>\n<li>2016: The <em>Houston Agents&#8217; Choice Award<\/em> as Developer of the year by <em>Houston Agent Magazine<\/em><\/li>\n<li>2016: Surge Homes is the best seller of its market in Houston according to <em>Construction Dive<\/em><\/li>\n<\/ul>\n<h3>A husband and a caring father<\/h3>\n<p>Despite his numerous businesses, responsibilities and social implications, Mr. Lemieux is married and cares for his family with great care. As a father of three children, he is actively involved in their education and sports activities, enjoying every moment to spend quality time with his children and his wife.<\/p>\n<\/div><div class=\"fusion-clearfix\"><\/div><\/div><\/div><\/div><\/div><div class=\"fusion-fullwidth fullwidth-box fusion-builder-row-3 hundred-percent-fullwidth non-hundred-percent-height-scrolling\" style=\"background-color: #e3e9f3;background-position: center center;background-repeat: no-repeat;padding-top:30px;padding-right:0px;padding-bottom:60px;padding-left:0px;margin-bottom: 0px;margin-top: 0px;border-width: 0px 0px 0px 0px;border-color:#eae9e9;border-style:solid;\" ><div class=\"fusion-builder-row fusion-row\"><div class=\"fusion-layout-column fusion_builder_column fusion-builder-column-2 fusion_builder_column_1_1 1_1 fusion-one-full fusion-column-first fusion-column-last\" style=\"margin-top:0px;margin-bottom:0px;\"><div class=\"fusion-column-wrapper fusion-flex-column-wrapper-legacy\" style=\"background-position:left top;background-repeat:no-repeat;-webkit-background-size:cover;-moz-background-size:cover;-o-background-size:cover;background-size:cover;padding: 0px 0px 0px 0px;\"><div class=\"fusion-text fusion-text-4\"><h2 style=\"text-align: center; font-size: 40px;\">Members of management<\/h2>\n<\/div><div class=\"fusion-sep-clear\"><\/div><div class=\"fusion-separator fusion-full-width-sep\" style=\"margin-left: auto;margin-right: auto;margin-top:10px;width:100%;\"><\/div><div class=\"fusion-sep-clear\"><\/div><div class=\"fusion-clearfix\"><\/div><\/div><\/div><div class=\"fusion-layout-column fusion_builder_column fusion-builder-column-3 fusion_builder_column_1_4 1_4 fusion-one-fourth fusion-column-first\" style=\"width:25%;width:calc(25% - ( ( 30px + 30px + 30px ) * 0.25 ) );margin-right: 30px;margin-top:0px;margin-bottom:0px;\"><div class=\"fusion-column-wrapper fusion-flex-column-wrapper-legacy\" style=\"background-position:left top;background-repeat:no-repeat;-webkit-background-size:cover;-moz-background-size:cover;-o-background-size:cover;background-size:cover;background-color:#ffffff;padding: 20px 20px 0px 20px;\"><div class=\"awb-image-frame awb-image-frame-2 imageframe-liftup\"><span class=\" fusion-imageframe imageframe-dropshadow imageframe-2 fusion-animated\" style=\"-webkit-box-shadow: 3px 3px 7px rgba(51,51,51,0.3);box-shadow: 3px 3px 7px rgba(51,51,51,0.3);\" data-animationType=\"fadeInDown\" data-animationDuration=\"1.0\" data-animationOffset=\"top-into-view\"><img decoding=\"async\" width=\"310\" height=\"465\" title=\"Brigitte_Gauvin3\" src=\"https:\/\/groupebcl.ca\/wp-content\/uploads\/2015\/12\/Brigitte_Gauvin3.jpg\" alt class=\"img-responsive wp-image-1709\" srcset=\"https:\/\/groupebcl.ca\/wp-content\/uploads\/2015\/12\/Brigitte_Gauvin3-200x300.jpg 200w, https:\/\/groupebcl.ca\/wp-content\/uploads\/2015\/12\/Brigitte_Gauvin3.jpg 310w\" sizes=\"(max-width: 800px) 100vw, 310px\" \/><\/span><\/div><div class=\"fusion-text fusion-text-5\"><h3 style=\"text-align: center; margin-bottom: 0.5em;\">BRIGITTE GAUVIN<\/h3>\n<p style=\"text-align: center;\"><em>Vice-President of Corporate Affairs <\/em><\/p>\n<p>Vice-President of Corporate Affairs since 2000, she oversees and participates in important matters and decision making related to the company&#8217;s tax, financing, acquisitions and legal affairs.<\/p>\n<p>She played an important role in the sale of the Canadian real estate rental park in 2005 and in the acquisition of a real estate park in Florida in 2009.<\/p>\n<p>Since she started working for the company in 1987, this versatile and highly skilled professional has always shown rigor and integrity in carrying out her responsibilities.<\/p>\n<\/div><div class=\"fusion-clearfix\"><\/div><\/div><\/div><div class=\"fusion-layout-column fusion_builder_column fusion-builder-column-4 fusion_builder_column_1_4 1_4 fusion-one-fourth\" style=\"width:25%;width:calc(25% - ( ( 30px + 30px + 30px ) * 0.25 ) );margin-right: 30px;margin-top:0px;margin-bottom:0px;\"><div class=\"fusion-column-wrapper fusion-flex-column-wrapper-legacy\" style=\"background-position:left top;background-repeat:no-repeat;-webkit-background-size:cover;-moz-background-size:cover;-o-background-size:cover;background-size:cover;background-color:#ffffff;padding: 20px 20px 0px 20px;\"><div class=\"awb-image-frame awb-image-frame-3 imageframe-liftup\"><span class=\" fusion-imageframe imageframe-dropshadow imageframe-3 fusion-animated\" style=\"-webkit-box-shadow: 3px 3px 7px rgba(51,51,51,0.3);box-shadow: 3px 3px 7px rgba(51,51,51,0.3);\" data-animationType=\"fadeInDown\" data-animationDuration=\"1.0\" data-animationOffset=\"top-into-view\"><img decoding=\"async\" width=\"310\" height=\"465\" title=\"Guylaine Gagnon\" src=\"https:\/\/groupebcl.ca\/wp-content\/uploads\/2015\/12\/Guylaine-Gagnon.jpg\" alt class=\"img-responsive wp-image-1705\" srcset=\"https:\/\/groupebcl.ca\/wp-content\/uploads\/2015\/12\/Guylaine-Gagnon-200x300.jpg 200w, https:\/\/groupebcl.ca\/wp-content\/uploads\/2015\/12\/Guylaine-Gagnon.jpg 310w\" sizes=\"(max-width: 800px) 100vw, 310px\" \/><\/span><\/div><div class=\"fusion-text fusion-text-6\"><h3 style=\"text-align: center; margin-bottom: 0.5em;\">GUYLAINE GAGNON<\/h3>\n<p style=\"text-align: center;\"><em>Corporate Controller <\/em><\/p>\n<p>Corporate Controller within the company since 2007, she heads the Group&#8217;s finance department. She has extensive experience in accounting, tax and financial management.<\/p>\n<p>Recognized for her professionalism, she ensures compliance and integrity of the Group&#8217;s financial statements.<\/p>\n<p>She plays an important role in the Group&#8217;s governance in order to respond adequately to the requirements of our partners.<\/p>\n<\/div><div class=\"fusion-clearfix\"><\/div><\/div><\/div><div class=\"fusion-layout-column fusion_builder_column fusion-builder-column-5 fusion_builder_column_1_4 1_4 fusion-one-fourth\" style=\"width:25%;width:calc(25% - ( ( 30px + 30px + 30px ) * 0.25 ) );margin-right: 30px;margin-top:0px;margin-bottom:0px;\"><div class=\"fusion-column-wrapper fusion-flex-column-wrapper-legacy\" style=\"background-position:left top;background-repeat:no-repeat;-webkit-background-size:cover;-moz-background-size:cover;-o-background-size:cover;background-size:cover;background-color:#ffffff;padding: 20px 20px 0px 20px;\"><div class=\"awb-image-frame awb-image-frame-4 imageframe-liftup\"><span class=\" fusion-imageframe imageframe-dropshadow imageframe-4 fusion-animated\" style=\"-webkit-box-shadow: 3px 3px 7px rgba(51,51,51,0.3);box-shadow: 3px 3px 7px rgba(51,51,51,0.3);\" data-animationType=\"fadeInDown\" data-animationDuration=\"1.0\" data-animationOffset=\"top-into-view\"><img decoding=\"async\" width=\"310\" height=\"465\" title=\"Sylvie_Noiseux\" src=\"https:\/\/groupebcl.ca\/wp-content\/uploads\/2015\/12\/Sylvie_Noiseux.jpg\" alt class=\"img-responsive wp-image-1703\" srcset=\"https:\/\/groupebcl.ca\/wp-content\/uploads\/2015\/12\/Sylvie_Noiseux-200x300.jpg 200w, https:\/\/groupebcl.ca\/wp-content\/uploads\/2015\/12\/Sylvie_Noiseux.jpg 310w\" sizes=\"(max-width: 800px) 100vw, 310px\" \/><\/span><\/div><div class=\"fusion-text fusion-text-7\"><h3 style=\"text-align: center; margin-bottom: 0.5em;\">SYLVIE NOISEUX<\/h3>\n<p style=\"text-align: center;\"><em>Director of Operations and Administration<\/em><\/p>\n<p>Director of Operations and Administration, she holds accounting certificates from UQAM.<\/p>\n<p>Responsible for the day-to-day management of operations and liquidity, she is in charge of several tax and accounting files.<\/p>\n<p>She has many years of experience in property management for administering numerous residential rental properties.<\/p>\n<\/div><div class=\"fusion-clearfix\"><\/div><\/div><\/div><div class=\"fusion-layout-column fusion_builder_column fusion-builder-column-6 fusion_builder_column_1_4 1_4 fusion-one-fourth fusion-column-last\" style=\"width:25%;width:calc(25% - ( ( 30px + 30px + 30px ) * 0.25 ) );margin-top:0px;margin-bottom:0px;\"><div class=\"fusion-column-wrapper fusion-flex-column-wrapper-legacy\" style=\"background-position:left top;background-repeat:no-repeat;-webkit-background-size:cover;-moz-background-size:cover;-o-background-size:cover;background-size:cover;background-color:#ffffff;padding: 20px 20px 0px 20px;\"><div class=\"awb-image-frame awb-image-frame-5 imageframe-liftup\"><span class=\" fusion-imageframe imageframe-dropshadow imageframe-5 fusion-animated\" style=\"-webkit-box-shadow: 3px 3px 7px rgba(51,51,51,0.3);box-shadow: 3px 3px 7px rgba(51,51,51,0.3);\" data-animationType=\"fadeInDown\" data-animationDuration=\"1.0\" data-animationOffset=\"top-into-view\"><img decoding=\"async\" width=\"310\" height=\"465\" title=\"Eric_Beriault\" src=\"https:\/\/groupebcl.ca\/wp-content\/uploads\/2015\/12\/Eric_Beriault.jpg\" alt class=\"img-responsive wp-image-1704\" srcset=\"https:\/\/groupebcl.ca\/wp-content\/uploads\/2015\/12\/Eric_Beriault-200x300.jpg 200w, https:\/\/groupebcl.ca\/wp-content\/uploads\/2015\/12\/Eric_Beriault.jpg 310w\" sizes=\"(max-width: 800px) 100vw, 310px\" \/><\/span><\/div><div class=\"fusion-text fusion-text-8\"><h3 style=\"text-align: center; margin-bottom: 0.5em;\">ERIC B\u00c9RIAULT<\/h3>\n<p style=\"text-align: center;\"><em>Controller and IT manager<\/em><\/p>\n<p>Controller and IT manager, he heads the accounting team responsible for the US operations of the Group.<\/p>\n<p>He continues the Group&#8217;s mission by ensuring that adequate internal procedures are in place to ensure efficient and innovative management.<\/p>\n<p>Solution generator, user of new technologies, he adapts quickly to changes and maximizes the skills of each member of his\u00a0team.<\/p>\n<\/div><div class=\"fusion-clearfix\"><\/div><\/div><\/div><\/div><\/div><\/p>\n","protected":false},"excerpt":{"rendered":"","protected":false},"author":1,"featured_media":0,"parent":0,"menu_order":0,"comment_status":"closed","ping_status":"closed","template":"100-width.php","meta":{"_monsterinsights_skip_tracking":false,"_monsterinsights_sitenote_active":false,"_monsterinsights_sitenote_note":"","_monsterinsights_sitenote_category":0,"footnotes":""},"class_list":["post-1700","page","type-page","status-publish","hentry"],"yoast_head":"<!-- This site is optimized with the Yoast SEO plugin v26.4 - https:\/\/yoast.com\/wordpress\/plugins\/seo\/ -->\n<title>Team - Gestion immobili\u00e8re BCL<\/title>\n<meta name=\"robots\" content=\"index, follow, max-snippet:-1, max-image-preview:large, max-video-preview:-1\" \/>\n<link rel=\"canonical\" href=\"https:\/\/groupebcl.ca\/en\/team\/\" \/>\n<meta property=\"og:locale\" content=\"en_US\" \/>\n<meta property=\"og:type\" content=\"article\" \/>\n<meta property=\"og:title\" content=\"Team - Gestion immobili\u00e8re BCL\" \/>\n<meta property=\"og:url\" content=\"https:\/\/groupebcl.ca\/en\/team\/\" \/>\n<meta property=\"og:site_name\" content=\"Gestion immobili\u00e8re BCL\" \/>\n<meta property=\"article:modified_time\" content=\"2017-10-09T15:51:49+00:00\" \/>\n<meta name=\"twitter:card\" content=\"summary_large_image\" \/>\n<meta name=\"twitter:label1\" content=\"Est. reading time\" \/>\n\t<meta name=\"twitter:data1\" content=\"9 minutes\" \/>\n<script type=\"application\/ld+json\" class=\"yoast-schema-graph\">{\"@context\":\"https:\/\/schema.org\",\"@graph\":[{\"@type\":\"WebPage\",\"@id\":\"https:\/\/groupebcl.ca\/en\/team\/\",\"url\":\"https:\/\/groupebcl.ca\/en\/team\/\",\"name\":\"Team - Gestion immobili\u00e8re BCL\",\"isPartOf\":{\"@id\":\"https:\/\/groupebcl.ca\/#website\"},\"datePublished\":\"2017-10-09T15:23:59+00:00\",\"dateModified\":\"2017-10-09T15:51:49+00:00\",\"breadcrumb\":{\"@id\":\"https:\/\/groupebcl.ca\/en\/team\/#breadcrumb\"},\"inLanguage\":\"en-US\",\"potentialAction\":[{\"@type\":\"ReadAction\",\"target\":[\"https:\/\/groupebcl.ca\/en\/team\/\"]}]},{\"@type\":\"BreadcrumbList\",\"@id\":\"https:\/\/groupebcl.ca\/en\/team\/#breadcrumb\",\"itemListElement\":[{\"@type\":\"ListItem\",\"position\":1,\"name\":\"Accueil\",\"item\":\"https:\/\/groupebcl.ca\/en\/\"},{\"@type\":\"ListItem\",\"position\":2,\"name\":\"Team\"}]},{\"@type\":\"WebSite\",\"@id\":\"https:\/\/groupebcl.ca\/#website\",\"url\":\"https:\/\/groupebcl.ca\/\",\"name\":\"Gestion immobili\u00e8re BCL\",\"description\":\"D\u00e9veloppement et gestion immobili\u00e8re \u00e0 l&#039;international\",\"potentialAction\":[{\"@type\":\"SearchAction\",\"target\":{\"@type\":\"EntryPoint\",\"urlTemplate\":\"https:\/\/groupebcl.ca\/?s={search_term_string}\"},\"query-input\":{\"@type\":\"PropertyValueSpecification\",\"valueRequired\":true,\"valueName\":\"search_term_string\"}}],\"inLanguage\":\"en-US\"}]}<\/script>\n<!-- \/ Yoast SEO plugin. -->","yoast_head_json":{"title":"Team - Gestion immobili\u00e8re BCL","robots":{"index":"index","follow":"follow","max-snippet":"max-snippet:-1","max-image-preview":"max-image-preview:large","max-video-preview":"max-video-preview:-1"},"canonical":"https:\/\/groupebcl.ca\/en\/team\/","og_locale":"en_US","og_type":"article","og_title":"Team - Gestion immobili\u00e8re BCL","og_url":"https:\/\/groupebcl.ca\/en\/team\/","og_site_name":"Gestion immobili\u00e8re BCL","article_modified_time":"2017-10-09T15:51:49+00:00","twitter_card":"summary_large_image","twitter_misc":{"Est. reading time":"9 minutes"},"schema":{"@context":"https:\/\/schema.org","@graph":[{"@type":"WebPage","@id":"https:\/\/groupebcl.ca\/en\/team\/","url":"https:\/\/groupebcl.ca\/en\/team\/","name":"Team - Gestion immobili\u00e8re BCL","isPartOf":{"@id":"https:\/\/groupebcl.ca\/#website"},"datePublished":"2017-10-09T15:23:59+00:00","dateModified":"2017-10-09T15:51:49+00:00","breadcrumb":{"@id":"https:\/\/groupebcl.ca\/en\/team\/#breadcrumb"},"inLanguage":"en-US","potentialAction":[{"@type":"ReadAction","target":["https:\/\/groupebcl.ca\/en\/team\/"]}]},{"@type":"BreadcrumbList","@id":"https:\/\/groupebcl.ca\/en\/team\/#breadcrumb","itemListElement":[{"@type":"ListItem","position":1,"name":"Accueil","item":"https:\/\/groupebcl.ca\/en\/"},{"@type":"ListItem","position":2,"name":"Team"}]},{"@type":"WebSite","@id":"https:\/\/groupebcl.ca\/#website","url":"https:\/\/groupebcl.ca\/","name":"Gestion immobili\u00e8re BCL","description":"D\u00e9veloppement et gestion immobili\u00e8re \u00e0 l&#039;international","potentialAction":[{"@type":"SearchAction","target":{"@type":"EntryPoint","urlTemplate":"https:\/\/groupebcl.ca\/?s={search_term_string}"},"query-input":{"@type":"PropertyValueSpecification","valueRequired":true,"valueName":"search_term_string"}}],"inLanguage":"en-US"}]}},"_links":{"self":[{"href":"https:\/\/groupebcl.ca\/en\/wp-json\/wp\/v2\/pages\/1700","targetHints":{"allow":["GET"]}}],"collection":[{"href":"https:\/\/groupebcl.ca\/en\/wp-json\/wp\/v2\/pages"}],"about":[{"href":"https:\/\/groupebcl.ca\/en\/wp-json\/wp\/v2\/types\/page"}],"author":[{"embeddable":true,"href":"https:\/\/groupebcl.ca\/en\/wp-json\/wp\/v2\/users\/1"}],"replies":[{"embeddable":true,"href":"https:\/\/groupebcl.ca\/en\/wp-json\/wp\/v2\/comments?post=1700"}],"version-history":[{"count":2,"href":"https:\/\/groupebcl.ca\/en\/wp-json\/wp\/v2\/pages\/1700\/revisions"}],"predecessor-version":[{"id":1711,"href":"https:\/\/groupebcl.ca\/en\/wp-json\/wp\/v2\/pages\/1700\/revisions\/1711"}],"wp:attachment":[{"href":"https:\/\/groupebcl.ca\/en\/wp-json\/wp\/v2\/media?parent=1700"}],"curies":[{"name":"wp","href":"https:\/\/api.w.org\/{rel}","templated":true}]}}